{"id":7801,"date":"2025-08-26T15:48:45","date_gmt":"2025-08-26T13:48:45","guid":{"rendered":"https:\/\/www.casadeljazz.com\/?post_type=rassegna&#038;p=7801"},"modified":"2025-10-17T19:56:28","modified_gmt":"2025-10-17T17:56:28","slug":"roma-jazz-festival-2025-2","status":"publish","type":"rassegna","link":"https:\/\/www.casadeljazz.com\/en\/rassegna\/roma-jazz-festival-2025-2\/","title":{"rendered":"Roma Jazz Festival 2025"},"content":{"rendered":"<p style=\"text-align: center;\"><strong>ROMA JAZZ FESTIVAL 2025<\/strong><\/p>\n<p style=\"text-align: center;\"><strong><em>HARMONY<\/em><\/strong><\/p>\n<p>In occasione del Giubileo, il Roma Jazz Festival dedica la sua 49\u00aa edizione al tema della spiritualit\u00e0, ponendo al centro la figura di John Coltrane, la cui opera ha segnato profondamente il linguaggio musicale e il pensiero etico del Novecento. Coltrane non fu soltanto un innovatore del sassofono, ma un autentico mistico del suono: la sua musica si fece strumento di meditazione, atto di offerta e ricerca interiore.<\/p>\n<p><em>\u201cA Love Supreme\u201d<\/em>, pubblicato sessant\u2019anni fa, rappresenta il vertice di questo percorso. Pi\u00f9 che un album, \u00e8 un documento spirituale, capace di coniugare intensit\u00e0 espressiva e tensione trascendente. Ancora oggi \u00e8 considerato un caposaldo non solo del jazz, ma dell\u2019intero panorama musicale, espressione di una spiritualit\u00e0 universale e non dogmatica.<\/p>\n<p>Il jazz, nelle sue molteplici forme, continua a essere un linguaggio capace di abbattere barriere, di parlare all\u2019animo umano superando appartenenze culturali, differenze sociali e confini geografici. Attraverso ritmo, melodia e armonia, questa musica affronta i temi fondamentali dell\u2019esistenza: libert\u00e0, trasformazione, rinascita.<\/p>\n<p>La programmazione del festival propone una ricca variet\u00e0 di prospettive artistiche che rileggono tali dimensioni, affidandosi sia alla creativit\u00e0 di figure storiche del jazz che all\u2019energia di giovani interpreti e nuove produzioni orchestrali presentate in anteprima.<\/p>\n<p>&nbsp;<\/p>\n","protected":false},"featured_media":7802,"template":"","categoria-rassegna":[22],"categoria-edizione-rassegna":[],"class_list":["post-7801","rassegna","type-rassegna","status-publish","has-post-thumbnail","hentry","categoria-rassegna-festival"],"acf":[],"_links":{"self":[{"href":"https:\/\/www.casadeljazz.com\/en\/wp-json\/wp\/v2\/rassegna\/7801","targetHints":{"allow":["GET"]}}],"collection":[{"href":"https:\/\/www.casadeljazz.com\/en\/wp-json\/wp\/v2\/rassegna"}],"about":[{"href":"https:\/\/www.casadeljazz.com\/en\/wp-json\/wp\/v2\/types\/rassegna"}],"version-history":[{"count":5,"href":"https:\/\/www.casadeljazz.com\/en\/wp-json\/wp\/v2\/rassegna\/7801\/revisions"}],"predecessor-version":[{"id":8216,"href":"https:\/\/www.casadeljazz.com\/en\/wp-json\/wp\/v2\/rassegna\/7801\/revisions\/8216"}],"wp:featuredmedia":[{"embeddable":true,"href":"https:\/\/www.casadeljazz.com\/en\/wp-json\/wp\/v2\/media\/7802"}],"wp:attachment":[{"href":"https:\/\/www.casadeljazz.com\/en\/wp-json\/wp\/v2\/media?parent=7801"}],"wp:term":[{"taxonomy":"categoria-rassegna","embeddable":true,"href":"https:\/\/www.casadeljazz.com\/en\/wp-json\/wp\/v2\/categoria-rassegna?post=7801"},{"taxonomy":"categoria-edizione-rassegna","embeddable":true,"href":"https:\/\/www.casadeljazz.com\/en\/wp-json\/wp\/v2\/categoria-edizione-rassegna?post=7801"}],"curies":[{"name":"wp","href":"https:\/\/api.w.org\/{rel}","templated":true}]}}