{"id":7653,"date":"2025-09-04T10:04:54","date_gmt":"2025-09-04T08:04:54","guid":{"rendered":"https:\/\/www.casadeljazz.com\/?post_type=evento&#038;p=7653"},"modified":"2025-09-04T10:04:54","modified_gmt":"2025-09-04T08:04:54","slug":"simoniteolis-guillaume-de-chassy-trio","status":"publish","type":"evento","link":"https:\/\/www.casadeljazz.com\/en\/evento\/simoniteolis-guillaume-de-chassy-trio\/","title":{"rendered":"Simoni:Teolis &#8211; Guillaume de Chassy Trio"},"content":{"rendered":"<p style=\"text-align: center;\"><strong>SET 1<\/strong><\/p>\n<p style=\"text-align: center;\"><strong>Simoni:Teolis <\/strong><\/p>\n<p style=\"text-align: center;\">Iacopo Teolis\u00a0 tromba<\/p>\n<p style=\"text-align: center;\">Lorenzo Simoni\u00a0 alto sax (NGJ)<\/p>\n<p style=\"text-align: center;\"><em>Produzione I-Jazz<\/em><\/p>\n<p>SIMONI:TEOLIS \u00e8 un atipico duo formato da Lorenzo Simoni al sassofono contralto e Iacopo Teolis alla tromba. Il gruppo nasce nel 2022, anno nel quale Lorenzo e Iacopo completano il loro percorso di studi all\u2019accademia nazionale del jazz di Siena Jazz. Suonando, scambiandosi idee e passando tempo insieme sia sul palco che fuori, i due ragazzi sviluppano un forte rapporto di amicizia che va parallelamente a manifestarsi nel loro modo di suonare insieme.<\/p>\n<p>\u201cOpenings\u201d \u00e8 il titolo del loro album d\u2019esordio in qualit\u00e0 di duo: si tratta di una serie di composizioni originali provenienti dalla penna di Lorenzo Simoni e alcune tracce completamente improvvisate e dettate dagli stimoli del momento. Le influenze riconoscibili in questo disco sono molteplici e di diversa natura: spaziando da grandi compositori come Bach, Hindemith, Steve Reich e Igor Stravinsky sino a colonne sonore provenienti dal mondo dei videogiochi e musicisti contemporanei del calibro di Ambrose Akinmusire, Persel\u00ec e Ben Wendel.<\/p>\n<p>&nbsp;<\/p>\n<p style=\"text-align: center;\"><strong>SET 2<\/strong><\/p>\n<p style=\"text-align: center;\"><strong>Guillaume de Chassy Trio<\/strong><\/p>\n<p style=\"text-align: center;\"><strong>&#8220;<em>Trenet en passant<\/em><em>, Omaggio a Charles Trenet&#8221;<\/em><\/strong><\/p>\n<p style=\"text-align: center;\">Guillaume de Chassy\u00a0 pianoforte<\/p>\n<p style=\"text-align: center;\">Andr\u00e9 Minvielle\u00a0 voce<\/p>\n<p style=\"text-align: center;\">Geraldine Laurent\u00a0 sassofono<\/p>\n<p style=\"text-align: center;\"><em>Prima nazionale<\/em><\/p>\n<p>Ispirato da Charles Trenet, dalla sua verve melodica, dalla sua poesia nostalgica, dalla sua fantasia scintillante, Guillaume de Chassy visita e coltiva con gioia lo straordinario giardino del &#8220;pazzo cantante&#8221;. Con due compagni di viaggio dalle personalit\u00e0 tanto forti quanto contrastanti. Il disco- come Pascal Anquetil ha scritto di recente su Jazz Magazine &#8211; \u00e8 stato elogiato in tutta Europa. Bisogna dire che questo progetto \u00e8 perfettamente riuscito e si avvale di due ospiti di alto livello: il formidabile Andr\u00e9 Minvielle, batterista e rapper che sconvolge le parole e le convenzioni come gi\u00e0 faceva con la Compagnie Lubat e la superba G\u00e9raldine Laurent con il suo suono unico e vellutato.<\/p>\n<p>&nbsp;<\/p>\n","protected":false},"excerpt":{"rendered":"<p>SET 1 Simoni:Teolis Iacopo Teolis\u00a0 tromba Lorenzo Simoni\u00a0 alto sax (NGJ) Produzione I-Jazz SIMONI:TEOLIS \u00e8 un atipico duo formato da Lorenzo Simoni al sassofono contralto e Iacopo Teolis alla tromba. Il gruppo nasce nel 2022, anno nel quale Lorenzo e Iacopo completano il loro percorso di studi all\u2019accademia nazionale del jazz di Siena Jazz. Suonando,<a class=\"excerpt-read-more\" href=\"https:\/\/www.casadeljazz.com\/en\/evento\/simoniteolis-guillaume-de-chassy-trio\/\" title=\"ReadSimoni:Teolis &#8211; Guillaume de Chassy Trio\">&#8230; Read more &raquo;<\/a><\/p>\n","protected":false},"featured_media":0,"template":"","categoria-evento":[118],"tag-evento":[],"class_list":["post-7653","evento","type-evento","status-publish","hentry","categoria-evento-concerti"],"acf":[],"_links":{"self":[{"href":"https:\/\/www.casadeljazz.com\/en\/wp-json\/wp\/v2\/evento\/7653","targetHints":{"allow":["GET"]}}],"collection":[{"href":"https:\/\/www.casadeljazz.com\/en\/wp-json\/wp\/v2\/evento"}],"about":[{"href":"https:\/\/www.casadeljazz.com\/en\/wp-json\/wp\/v2\/types\/evento"}],"wp:attachment":[{"href":"https:\/\/www.casadeljazz.com\/en\/wp-json\/wp\/v2\/media?parent=7653"}],"wp:term":[{"taxonomy":"categoria-evento","embeddable":true,"href":"https:\/\/www.casadeljazz.com\/en\/wp-json\/wp\/v2\/categoria-evento?post=7653"},{"taxonomy":"tag-evento","embeddable":true,"href":"https:\/\/www.casadeljazz.com\/en\/wp-json\/wp\/v2\/tag-evento?post=7653"}],"curies":[{"name":"wp","href":"https:\/\/api.w.org\/{rel}","templated":true}]}}